{"id":57,"date":"2021-03-17T16:28:54","date_gmt":"2021-03-17T16:28:54","guid":{"rendered":"http:\/\/biosferaeduca.com\/invacat\/?page_id=57"},"modified":"2021-04-16T16:28:05","modified_gmt":"2021-04-16T16:28:05","slug":"projecte-invacat","status":"publish","type":"page","link":"http:\/\/biosferaeduca.com\/invacat\/","title":{"rendered":"Projecte INVACAT"},"content":{"rendered":"<p>[et_pb_section fb_built=\u00bb1&#8243; admin_label=\u00bbMission\u00bb _builder_version=\u00bb4.9.2&#8243; _module_preset=\u00bbdefault\u00bb custom_margin=\u00bb62px||||false|false\u00bb custom_margin_tablet=\u00bb350px||||false|false\u00bb custom_margin_phone=\u00bb0px||||false|false\u00bb custom_margin_last_edited=\u00bbon|phone\u00bb][et_pb_row _builder_version=\u00bb4.9.0&#8243; _module_preset=\u00bbdefault\u00bb max_width=\u00bb800px\u00bb][et_pb_column type=\u00bb4_4&#8243; _builder_version=\u00bb4.8.1&#8243; _module_preset=\u00bbdefault\u00bb][et_pb_text _builder_version=\u00bb4.9.2&#8243; _module_preset=\u00bbb5629d61-8761-48a4-843a-08bad35c28b0&#8243; header_2_font=\u00bbPoppins|700|||||||\u00bb header_2_text_color=\u00bb#000000&#8243; header_2_font_size=\u00bb56px\u00bb header_2_line_height=\u00bb1.2em\u00bb text_orientation=\u00bbcenter\u00bb max_width=\u00bb680px\u00bb module_alignment=\u00bbcenter\u00bb header_2_font_size_tablet=\u00bb32px\u00bb header_2_font_size_phone=\u00bb18px\u00bb header_2_font_size_last_edited=\u00bbon|phone\u00bb locked=\u00bboff\u00bb]<\/p>\n<h2>Projecte INVACAT<\/h2>\n<p>[\/et_pb_text][et_pb_text _builder_version=\u00bb4.9.0&#8243; _module_preset=\u00bb65bdc51c-f189-48fc-a991-8ff9d913f658&#8243; text_font=\u00bbWork Sans|700|||||||\u00bb text_text_color=\u00bb#000000&#8243; text_font_size=\u00bb22px\u00bb text_line_height=\u00bb1.6em\u00bb text_orientation=\u00bbcenter\u00bb module_alignment=\u00bbcenter\u00bb text_font_size_tablet=\u00bb18px\u00bb text_font_size_phone=\u00bb16px\u00bb text_font_size_last_edited=\u00bbon|desktop\u00bb]<\/p>\n<p><strong>La proliferaci\u00f3 de les esp\u00e8cies ex\u00f2tiques <\/strong>invasores (EEI) en els ecosistemes naturals d&#8217;arreu de Catalunya est\u00e0 minvant el seu estat de conservaci\u00f3 i causant efectes rellevants sobre l&#8217;economia i la salut humanes. L&#8217;objectiu principal del projecte INVACAT \u00e9s difondre la problem\u00e0tica de les EEI, mitjan\u00e7ant tallers dirigits a sectors diversos de la societat i campanyes de divulgaci\u00f3 en medis de comunicaci\u00f3 i a la xarxa, i a trav\u00e9s d\u2019actuacions d\u2019erradicaci\u00f3 de plantes ex\u00f2tiques invasores al Parc Natural del Cap de Creus, que promouran un canvi social d&#8217;actituds i de valors envers la conservaci\u00f3 de la biodiversitat del nostre patrimoni natural.<\/p>\n<p>[\/et_pb_text][\/et_pb_column][\/et_pb_row][et_pb_row use_custom_gutter=\u00bbon\u00bb gutter_width=\u00bb2&#8243; _builder_version=\u00bb4.9.2&#8243; _module_preset=\u00bbdefault\u00bb width=\u00bb25%\u00bb width_tablet=\u00bb62%\u00bb width_phone=\u00bb100%\u00bb width_last_edited=\u00bbon|tablet\u00bb link_option_url=\u00bbhttp:\/\/biosferaeduca.com\/invacat\/wp-content\/uploads\/2021\/04\/Dossier-Projecte-INVACAT.pdf\u00bb link_option_url_new_window=\u00bbon\u00bb hover_enabled=\u00bb0&#8243; locked=\u00bboff\u00bb sticky_enabled=\u00bb0&#8243;][et_pb_column type=\u00bb4_4&#8243; _builder_version=\u00bb4.9.0&#8243; _module_preset=\u00bbdefault\u00bb link_option_url=\u00bb#\u00bb][et_pb_image src=\u00bbhttp:\/\/biosferaeduca.com\/invacat\/wp-content\/uploads\/2021\/04\/FotoProjecte1.jpg\u00bb title_text=\u00bbFotoProjecte1&#8243; url=\u00bbhttp:\/\/biosferaeduca.com\/invacat\/wp-content\/uploads\/2021\/04\/Dossier-Projecte-INVACAT.pdf\u00bb url_new_window=\u00bbon\u00bb align=\u00bbcenter\u00bb _builder_version=\u00bb4.9.2&#8243; _module_preset=\u00bbdefault\u00bb width_tablet=\u00bb51%\u00bb width_phone=\u00bb46%\u00bb width_last_edited=\u00bbon|tablet\u00bb][\/et_pb_image][et_pb_text _builder_version=\u00bb4.9.2&#8243; _module_preset=\u00bbdefault\u00bb text_font=\u00bb|700||on|||||\u00bb text_font_size=\u00bb17px\u00bb link_option_url=\u00bbhttp:\/\/biosferaeduca.com\/invacat\/wp-content\/uploads\/2021\/04\/Dossier-Projecte-INVACAT.pdf\u00bb link_option_url_new_window=\u00bbon\u00bb]<\/p>\n<p style=\"text-align: center;\"><span>Dossier Projecte INVACAT<\/span><\/p>\n<p>[\/et_pb_text][\/et_pb_column][\/et_pb_row][\/et_pb_section][et_pb_section fb_built=\u00bb1&#8243; admin_label=\u00bbContent\u00bb _builder_version=\u00bb4.9.0&#8243; _module_preset=\u00bbdefault\u00bb][et_pb_row _builder_version=\u00bb4.9.0&#8243; _module_preset=\u00bbdefault\u00bb][et_pb_column type=\u00bb4_4&#8243; _builder_version=\u00bb4.9.0&#8243; _module_preset=\u00bbdefault\u00bb][et_pb_text _builder_version=\u00bb4.9.2&#8243; _module_preset=\u00bbb5629d61-8761-48a4-843a-08bad35c28b0&#8243; header_2_font=\u00bbPoppins|700|||||||\u00bb header_2_text_color=\u00bb#000000&#8243; header_2_font_size=\u00bb42px\u00bb header_2_line_height=\u00bb1.2em\u00bb max_width=\u00bb750px\u00bb header_2_font_size_tablet=\u00bb32px\u00bb header_2_font_size_phone=\u00bb18px\u00bb header_2_font_size_last_edited=\u00bbon|phone\u00bb locked=\u00bboff\u00bb]<\/p>\n<h2>Les EEI s\u00f3n propagades principalment per l\u2019home i la sensibilitzaci\u00f3 ambiental \u00e9s la mesura m\u00e9s efica\u00e7 i amb menys cost en la lluita contra la seva proliferaci\u00f3<\/h2>\n<p>[\/et_pb_text][\/et_pb_column][\/et_pb_row][et_pb_row column_structure=\u00bb2_5,3_5&#8243; make_equal=\u00bbon\u00bb _builder_version=\u00bb4.9.2&#8243; _module_preset=\u00bbdefault\u00bb][et_pb_column type=\u00bb2_5&#8243; _builder_version=\u00bb4.9.0&#8243; _module_preset=\u00bbdefault\u00bb][et_pb_text _builder_version=\u00bb4.9.0&#8243; _module_preset=\u00bba71a5122-3537-4d1b-aa15-649fe0057a23&#8243; text_font=\u00bbWork Sans||||||||\u00bb text_font_size=\u00bb16px\u00bb text_line_height=\u00bb1.8em\u00bb header_3_text_color=\u00bb#004e43&#8243; text_font_size_tablet=\u00bb15px\u00bb text_font_size_phone=\u00bb14px\u00bb text_font_size_last_edited=\u00bbon|desktop\u00bb locked=\u00bboff\u00bb]<\/p>\n<p>Durant les darreres d\u00e8cades, <strong>diverses EEI han enva\u00eft els ecosistemes naturals d&#8217;arreu de Catalunya, causant una degradaci\u00f3 dels ecosistemes nadius<\/strong> (ex: el llu\u00e7 de riu i l&#8217;extinci\u00f3 dels peixos aut\u00f2ctons), aix\u00ed com efectes directes sobre l&#8217;home, tant a nivell econ\u00f2mic (ex: el cargol poma i els cultius d&#8217;arr\u00f2s al Delta de l&#8217;Ebre) com sanitari (ex: el mosquit tigre i la transmissi\u00f3 de malalties tropicals). Les EEI s\u00f3n propagades principalment per l&#8217;home i la seva gesti\u00f3 i control suposa una despesa econ\u00f2mica considerable per les arques p\u00fabliques dels pa\u00efsos desenvolupats d&#8217;arreu del m\u00f3n. Per tant, <strong>les activitats d&#8217;educaci\u00f3 i sensibilitzaci\u00f3 ambiental que proposa el projecte INVACAT: els Tallers a l\u2019aula<\/strong> (prov\u00edncies de Tarragona, Barcelona i Girona) i <strong>les Jornades d\u2019erradicaci\u00f3 de plantes invasores<\/strong> al Cap de Creus (comarca de l\u2019Alt Empord\u00e0); conjuntament amb les accions de difusi\u00f3, contribuiran a disminuir la introducci\u00f3 i proliferaci\u00f3 d&#8217;EEI a Catalunya.<\/p>\n<p>[\/et_pb_text][\/et_pb_column][et_pb_column type=\u00bb3_5&#8243; _builder_version=\u00bb4.9.2&#8243; _module_preset=\u00bbdefault\u00bb background_enable_color=\u00bboff\u00bb background_enable_image=\u00bboff\u00bb background_size=\u00bbinitial\u00bb background_repeat=\u00bbrepeat\u00bb background_blend=\u00bblighten\u00bb custom_padding=\u00bb||||true|true\u00bb custom_padding_tablet=\u00bb|80px||80px|true|true\u00bb custom_padding_phone=\u00bb|0px||0px|true|true\u00bb custom_padding_last_edited=\u00bbon|phone\u00bb global_colors_info=\u00bb{%22gcid-3bcfc9e8-40d7-422e-a60f-3fa9ff8f4895%22:%91%93}\u00bb][et_pb_image src=\u00bbhttp:\/\/biosferaeduca.com\/invacat\/wp-content\/uploads\/2021\/04\/FotoProjecte2.jpg\u00bb title_text=\u00bbFotoProjecte2&#8243; _builder_version=\u00bb4.9.2&#8243; _module_preset=\u00bbdefault\u00bb][\/et_pb_image][\/et_pb_column][\/et_pb_row][et_pb_row make_equal=\u00bbon\u00bb _builder_version=\u00bb4.9.2&#8243; _module_preset=\u00bbdefault\u00bb][et_pb_column type=\u00bb4_4&#8243; _builder_version=\u00bb4.9.0&#8243; _module_preset=\u00bbdefault\u00bb][et_pb_text _builder_version=\u00bb4.9.2&#8243; _module_preset=\u00bbb5629d61-8761-48a4-843a-08bad35c28b0&#8243; header_2_font=\u00bbPoppins|700|||||||\u00bb header_2_text_color=\u00bb#000000&#8243; header_2_font_size=\u00bb36px\u00bb header_2_line_height=\u00bb1.2em\u00bb text_orientation=\u00bbcenter\u00bb custom_padding=\u00bb19px|140px|19px|140px|true|true\u00bb custom_padding_tablet=\u00bb\u00bb custom_padding_phone=\u00bb0px|0px|0px|0px|true|true\u00bb custom_padding_last_edited=\u00bbon|phone\u00bb header_2_font_size_tablet=\u00bb32px\u00bb header_2_font_size_phone=\u00bb18px\u00bb header_2_font_size_last_edited=\u00bbon|phone\u00bb locked=\u00bboff\u00bb]<\/p>\n<h2>Cronograma Projecte INVACAT<\/h2>\n<p>[\/et_pb_text][et_pb_image src=\u00bbhttp:\/\/biosferaeduca.com\/invacat\/wp-content\/uploads\/2021\/04\/FotoProjecte3.jpg\u00bb title_text=\u00bbFotoProjecte3&#8243; _builder_version=\u00bb4.9.2&#8243; _module_preset=\u00bbdefault\u00bb custom_margin=\u00bb||1px|||\u00bb][\/et_pb_image][\/et_pb_column][\/et_pb_row][et_pb_row _builder_version=\u00bb4.9.2&#8243; _module_preset=\u00bbdefault\u00bb width=\u00bb95%\u00bb width_tablet=\u00bb80%\u00bb width_phone=\u00bb\u00bb width_last_edited=\u00bbon|tablet\u00bb max_width=\u00bb1447px\u00bb custom_margin=\u00bb109px||109px||true|false\u00bb custom_margin_tablet=\u00bb0px||0px||true|false\u00bb custom_margin_phone=\u00bb\u00bb custom_margin_last_edited=\u00bbon|phone\u00bb][et_pb_column type=\u00bb4_4&#8243; _builder_version=\u00bb4.9.0&#8243; _module_preset=\u00bbdefault\u00bb][et_pb_gallery gallery_ids=\u00bb202,108,203,204&#8243; posts_number=\u00bb5&#8243; orientation=\u00bbportrait\u00bb show_title_and_caption=\u00bboff\u00bb show_pagination=\u00bboff\u00bb _builder_version=\u00bb4.9.2&#8243; _module_preset=\u00bbdefault\u00bb][\/et_pb_gallery][\/et_pb_column][\/et_pb_row][et_pb_row make_equal=\u00bbon\u00bb _builder_version=\u00bb4.9.2&#8243; _module_preset=\u00bbdefault\u00bb width_tablet=\u00bb100%\u00bb width_phone=\u00bb\u00bb width_last_edited=\u00bbon|tablet\u00bb max_width=\u00bb1913px\u00bb custom_margin=\u00bb74px||74px||true|false\u00bb custom_margin_tablet=\u00bb10px||10px||true|false\u00bb custom_margin_phone=\u00bb0px||0px||true|false\u00bb custom_margin_last_edited=\u00bbon|phone\u00bb][et_pb_column type=\u00bb4_4&#8243; _builder_version=\u00bb4.9.0&#8243; _module_preset=\u00bbdefault\u00bb][et_pb_text _builder_version=\u00bb4.9.2&#8243; _module_preset=\u00bbb5629d61-8761-48a4-843a-08bad35c28b0&#8243; header_2_font=\u00bbPoppins|700|||||||\u00bb header_2_text_color=\u00bb#000000&#8243; header_2_font_size=\u00bb36px\u00bb header_2_line_height=\u00bb1.2em\u00bb text_orientation=\u00bbcenter\u00bb custom_padding=\u00bb19px|140px|19px|140px|true|true\u00bb custom_padding_tablet=\u00bb\u00bb custom_padding_phone=\u00bb0px|0px|0px|0px|true|true\u00bb custom_padding_last_edited=\u00bbon|phone\u00bb header_2_font_size_tablet=\u00bb32px\u00bb header_2_font_size_phone=\u00bb18px\u00bb header_2_font_size_last_edited=\u00bbon|phone\u00bb locked=\u00bboff\u00bb]<\/p>\n<h2>Les principals actuacions del projecte INVACAT es duran a terme a:<\/h2>\n<h2>TARRAGONA, BARCELONA I GIRONA<\/h2>\n<p>[\/et_pb_text][et_pb_image src=\u00bbhttp:\/\/biosferaeduca.com\/invacat\/wp-content\/uploads\/2021\/04\/CATALUNYA.jpg\u00bb title_text=\u00bbCATALUNYA\u00bb _builder_version=\u00bb4.9.2&#8243; _module_preset=\u00bbdefault\u00bb width=\u00bb36%\u00bb width_tablet=\u00bb\u00bb width_phone=\u00bb84%\u00bb width_last_edited=\u00bbon|phone\u00bb module_alignment=\u00bbcenter\u00bb][\/et_pb_image][\/et_pb_column][\/et_pb_row][\/et_pb_section][et_pb_section fb_built=\u00bb1&#8243; admin_label=\u00bbContent\u00bb _builder_version=\u00bb4.9.0&#8243; _module_preset=\u00bbdefault\u00bb custom_padding=\u00bb||26px|||\u00bb][et_pb_row column_structure=\u00bb2_5,3_5&#8243; make_equal=\u00bbon\u00bb _builder_version=\u00bb4.9.2&#8243; _module_preset=\u00bbdefault\u00bb][et_pb_column type=\u00bb2_5&#8243; _builder_version=\u00bb4.9.0&#8243; _module_preset=\u00bbdefault\u00bb][et_pb_text _builder_version=\u00bb4.9.0&#8243; _module_preset=\u00bba71a5122-3537-4d1b-aa15-649fe0057a23&#8243; text_font=\u00bbWork Sans||||||||\u00bb text_font_size=\u00bb16px\u00bb text_line_height=\u00bb1.8em\u00bb header_3_text_color=\u00bb#004e43&#8243; text_font_size_tablet=\u00bb15px\u00bb text_font_size_phone=\u00bb14px\u00bb text_font_size_last_edited=\u00bbon|desktop\u00bb locked=\u00bboff\u00bb]<\/p>\n<p>Donar a con\u00e8ixer a la societat <strong>les principals esp\u00e8cies ex\u00f2tiques invasores i la problem\u00e0tica associada<\/strong>, aix\u00ed com les accions que hom pot dur a terme per mitigar la seva introducci\u00f3 i proliferaci\u00f3 al nostre territori; mitjan\u00e7ant la realitzaci\u00f3 de tallers a l\u2019aula dels centres escolars.<\/p>\n<p>[\/et_pb_text][\/et_pb_column][et_pb_column type=\u00bb3_5&#8243; _builder_version=\u00bb4.9.2&#8243; _module_preset=\u00bbdefault\u00bb background_color=\u00bb#004e43&#8243; background_image=\u00bbhttp:\/\/biosferaeduca.com\/invacat\/wp-content\/uploads\/2021\/03\/crowdfunding-033.png\u00bb background_size=\u00bbinitial\u00bb background_repeat=\u00bbrepeat\u00bb custom_padding=\u00bb0px|0px|0px|0px|true|true\u00bb custom_padding_tablet=\u00bb||||true|true\u00bb custom_padding_phone=\u00bb||||true|true\u00bb custom_padding_last_edited=\u00bbon|phone\u00bb global_colors_info=\u00bb{%22gcid-3bcfc9e8-40d7-422e-a60f-3fa9ff8f4895%22:%91%93}\u00bb][et_pb_image src=\u00bbhttp:\/\/biosferaeduca.com\/invacat\/wp-content\/uploads\/2021\/04\/FotoProjecte9.jpg\u00bb title_text=\u00bbFotoProjecte9&#8243; _builder_version=\u00bb4.9.2&#8243; _module_preset=\u00bbdefault\u00bb][\/et_pb_image][\/et_pb_column][\/et_pb_row][\/et_pb_section][et_pb_section fb_built=\u00bb1&#8243; admin_label=\u00bbContent\u00bb _builder_version=\u00bb4.9.2&#8243; _module_preset=\u00bbdefault\u00bb][et_pb_row _builder_version=\u00bb4.9.0&#8243; _module_preset=\u00bbdefault\u00bb][et_pb_column type=\u00bb4_4&#8243; _builder_version=\u00bb4.9.0&#8243; _module_preset=\u00bbdefault\u00bb][et_pb_text _builder_version=\u00bb4.9.2&#8243; _module_preset=\u00bbb5629d61-8761-48a4-843a-08bad35c28b0&#8243; header_2_font=\u00bbPoppins|700|||||||\u00bb header_2_text_align=\u00bbleft\u00bb header_2_text_color=\u00bb#000000&#8243; header_2_font_size=\u00bb42px\u00bb header_2_line_height=\u00bb1.2em\u00bb max_width=\u00bb597px\u00bb module_alignment=\u00bbleft\u00bb header_2_font_size_tablet=\u00bb32px\u00bb header_2_font_size_phone=\u00bb18px\u00bb header_2_font_size_last_edited=\u00bbon|phone\u00bb locked=\u00bboff\u00bb]<\/p>\n<h2>JORNADES D\u2019ERRADICACI\u00d3 AL CAP DE CREUS<\/h2>\n<p>[\/et_pb_text][\/et_pb_column][\/et_pb_row][et_pb_row column_structure=\u00bb2_5,3_5&#8243; make_equal=\u00bbon\u00bb _builder_version=\u00bb4.9.2&#8243; _module_preset=\u00bbdefault\u00bb custom_padding=\u00bb27px|||||\u00bb][et_pb_column type=\u00bb2_5&#8243; _builder_version=\u00bb4.9.0&#8243; _module_preset=\u00bbdefault\u00bb][et_pb_text _builder_version=\u00bb4.9.0&#8243; _module_preset=\u00bba71a5122-3537-4d1b-aa15-649fe0057a23&#8243; text_font=\u00bbWork Sans||||||||\u00bb text_font_size=\u00bb16px\u00bb text_line_height=\u00bb1.8em\u00bb header_3_text_color=\u00bb#004e43&#8243; text_font_size_tablet=\u00bb15px\u00bb text_font_size_phone=\u00bb14px\u00bb text_font_size_last_edited=\u00bbon|desktop\u00bb locked=\u00bboff\u00bb]<\/p>\n<p>Jornades de camp per a <strong>la millora de l\u2019estat de conservaci\u00f3 dels ecosistemes naturals<\/strong> en el Parc Natural de Cap de Creus, a trav\u00e9s de l\u2019erradicaci\u00f3 d\u2019esp\u00e8cies de plantes ex\u00f2tiques invasores, la retirada de deixalles i l\u2019educaci\u00f3 ambiental.<\/p>\n<p>[\/et_pb_text][\/et_pb_column][et_pb_column type=\u00bb3_5&#8243; _builder_version=\u00bb4.9.2&#8243; _module_preset=\u00bbdefault\u00bb background_enable_color=\u00bboff\u00bb background_enable_image=\u00bboff\u00bb background_size=\u00bbinitial\u00bb background_repeat=\u00bbrepeat\u00bb custom_padding=\u00bb0px|0px|0px|0px|true|true\u00bb custom_padding_tablet=\u00bb|0px||0px|true|true\u00bb custom_padding_phone=\u00bb0px|0px|0px|0px|true|true\u00bb custom_padding_last_edited=\u00bbon|tablet\u00bb global_colors_info=\u00bb{%22gcid-3bcfc9e8-40d7-422e-a60f-3fa9ff8f4895%22:%91%93}\u00bb][et_pb_image src=\u00bbhttp:\/\/biosferaeduca.com\/invacat\/wp-content\/uploads\/2021\/04\/FotoProjecte10.jpg\u00bb title_text=\u00bbFotoProjecte10&#8243; _builder_version=\u00bb4.9.2&#8243; _module_preset=\u00bbdefault\u00bb][\/et_pb_image][\/et_pb_column][\/et_pb_row][et_pb_row use_custom_gutter=\u00bbon\u00bb gutter_width=\u00bb2&#8243; _builder_version=\u00bb4.9.2&#8243; _module_preset=\u00bbdefault\u00bb width=\u00bb31%\u00bb locked=\u00bboff\u00bb][et_pb_column type=\u00bb4_4&#8243; _builder_version=\u00bb4.9.0&#8243; _module_preset=\u00bbdefault\u00bb link_option_url=\u00bb#\u00bb][et_pb_text _builder_version=\u00bb4.9.2&#8243; _module_preset=\u00bbb5629d61-8761-48a4-843a-08bad35c28b0&#8243; header_2_font=\u00bbPoppins|700|||||||\u00bb header_2_text_align=\u00bbcenter\u00bb header_2_text_color=\u00bb#000000&#8243; header_2_font_size=\u00bb35px\u00bb header_2_line_height=\u00bb1.2em\u00bb max_width=\u00bb597px\u00bb module_alignment=\u00bbcenter\u00bb header_2_font_size_tablet=\u00bb32px\u00bb header_2_font_size_phone=\u00bb18px\u00bb header_2_font_size_last_edited=\u00bbon|phone\u00bb locked=\u00bboff\u00bb]<\/p>\n<h2>Materials<\/h2>\n<p>[\/et_pb_text][\/et_pb_column][\/et_pb_row][et_pb_row column_structure=\u00bb1_2,1_2&#8243; use_custom_gutter=\u00bbon\u00bb gutter_width=\u00bb2&#8243; _builder_version=\u00bb4.9.2&#8243; _module_preset=\u00bbdefault\u00bb width=\u00bb78%\u00bb width_tablet=\u00bb100%\u00bb width_phone=\u00bb100%\u00bb width_last_edited=\u00bbon|phone\u00bb link_option_url_new_window=\u00bbon\u00bb hover_enabled=\u00bb0&#8243; locked=\u00bboff\u00bb sticky_enabled=\u00bb0&#8243;][et_pb_column type=\u00bb1_2&#8243; _builder_version=\u00bb4.9.2&#8243; _module_preset=\u00bbdefault\u00bb custom_padding=\u00bb|125px||125px|true|true\u00bb custom_padding_tablet=\u00bb\u00bb custom_padding_phone=\u00bb|120px||120px|true|true\u00bb custom_padding_last_edited=\u00bbon|phone\u00bb link_option_url=\u00bbhttp:\/\/biosferaeduca.com\/invacat\/wp-content\/uploads\/2021\/04\/Poster-Projecte-INVACAT.pdf\u00bb][et_pb_image src=\u00bbhttp:\/\/biosferaeduca.com\/invacat\/wp-content\/uploads\/2021\/04\/FotoProjecte12.jpg\u00bb title_text=\u00bbFotoProjecte12&#8243; url_new_window=\u00bbon\u00bb align=\u00bbcenter\u00bb _builder_version=\u00bb4.9.2&#8243; _module_preset=\u00bbdefault\u00bb width=\u00bb66%\u00bb width_tablet=\u00bb51%\u00bb width_phone=\u00bb100%\u00bb width_last_edited=\u00bbon|tablet\u00bb][\/et_pb_image][et_pb_text _builder_version=\u00bb4.9.2&#8243; _module_preset=\u00bbdefault\u00bb text_font=\u00bb|700||on|||||\u00bb text_font_size=\u00bb17px\u00bb link_option_url_new_window=\u00bbon\u00bb]<\/p>\n<p style=\"text-align: center;\"><strong>P\u00f2ster Projecte INVACAT<\/strong><\/p>\n<p>[\/et_pb_text][\/et_pb_column][et_pb_column type=\u00bb1_2&#8243; _builder_version=\u00bb4.9.2&#8243; _module_preset=\u00bbdefault\u00bb custom_padding=\u00bb|125px||125px|true|true\u00bb link_option_url=\u00bbhttp:\/\/biosferaeduca.com\/invacat\/wp-content\/uploads\/2021\/04\/Triptic-Projecte-INVACAT.pdf\u00bb link_option_url_new_window=\u00bbon\u00bb][et_pb_image src=\u00bbhttp:\/\/biosferaeduca.com\/invacat\/wp-content\/uploads\/2021\/04\/FotoProjecte11.jpg\u00bb title_text=\u00bbFotoProjecte11&#8243; url_new_window=\u00bbon\u00bb align=\u00bbcenter\u00bb _builder_version=\u00bb4.9.2&#8243; _module_preset=\u00bbdefault\u00bb width_tablet=\u00bb51%\u00bb width_phone=\u00bb100%\u00bb width_last_edited=\u00bbon|tablet\u00bb][\/et_pb_image][et_pb_text _builder_version=\u00bb4.9.2&#8243; _module_preset=\u00bbdefault\u00bb text_font=\u00bb|700||on|||||\u00bb text_font_size=\u00bb17px\u00bb link_option_url_new_window=\u00bbon\u00bb]<\/p>\n<p style=\"text-align: center;\"><strong>Tr\u00edptic Projecte INVACAT<\/strong><\/p>\n<p>[\/et_pb_text][\/et_pb_column][\/et_pb_row][\/et_pb_section]<\/p>\n","protected":false},"excerpt":{"rendered":"<p>[et_pb_section fb_built=\u00bb1&#8243; admin_label=\u00bbMission\u00bb _builder_version=\u00bb4.9.2&#8243; _module_preset=\u00bbdefault\u00bb custom_margin=\u00bb62px||||false|false\u00bb custom_margin_tablet=\u00bb350px||||false|false\u00bb custom_margin_phone=\u00bb0px||||false|false\u00bb custom_margin_last_edited=\u00bbon|phone\u00bb][et_pb_row _builder_version=\u00bb4.9.0&#8243; _module_preset=\u00bbdefault\u00bb max_width=\u00bb800px\u00bb][et_pb_column type=\u00bb4_4&#8243; _builder_version=\u00bb4.8.1&#8243; _module_preset=\u00bbdefault\u00bb][et_pb_text _builder_version=\u00bb4.9.2&#8243; _module_preset=\u00bbb5629d61-8761-48a4-843a-08bad35c28b0&#8243; header_2_font=\u00bbPoppins|700|||||||\u00bb header_2_text_color=\u00bb#000000&#8243; header_2_font_size=\u00bb56px\u00bb header_2_line_height=\u00bb1.2em\u00bb text_orientation=\u00bbcenter\u00bb max_width=\u00bb680px\u00bb module_alignment=\u00bbcenter\u00bb header_2_font_size_tablet=\u00bb32px\u00bb header_2_font_size_phone=\u00bb18px\u00bb header_2_font_size_last_edited=\u00bbon|phone\u00bb locked=\u00bboff\u00bb] Projecte INVACAT [\/et_pb_text][et_pb_text _builder_version=\u00bb4.9.0&#8243; _module_preset=\u00bb65bdc51c-f189-48fc-a991-8ff9d913f658&#8243; text_font=\u00bbWork Sans|700|||||||\u00bb text_text_color=\u00bb#000000&#8243; text_font_size=\u00bb22px\u00bb text_line_height=\u00bb1.6em\u00bb text_orientation=\u00bbcenter\u00bb module_alignment=\u00bbcenter\u00bb text_font_size_tablet=\u00bb18px\u00bb text_font_size_phone=\u00bb16px\u00bb text_font_size_last_edited=\u00bbon|desktop\u00bb] La proliferaci\u00f3 de les esp\u00e8cies ex\u00f2tiques invasores (EEI) en els ecosistemes naturals [&hellip;]<\/p>\n","protected":false},"author":1,"featured_media":0,"parent":0,"menu_order":0,"comment_status":"closed","ping_status":"closed","template":"","meta":{"_et_pb_use_builder":"on","_et_pb_old_content":"","_et_gb_content_width":"","footnotes":""},"class_list":["post-57","page","type-page","status-publish","hentry"],"_links":{"self":[{"href":"http:\/\/biosferaeduca.com\/invacat\/wp-json\/wp\/v2\/pages\/57","targetHints":{"allow":["GET"]}}],"collection":[{"href":"http:\/\/biosferaeduca.com\/invacat\/wp-json\/wp\/v2\/pages"}],"about":[{"href":"http:\/\/biosferaeduca.com\/invacat\/wp-json\/wp\/v2\/types\/page"}],"author":[{"embeddable":true,"href":"http:\/\/biosferaeduca.com\/invacat\/wp-json\/wp\/v2\/users\/1"}],"replies":[{"embeddable":true,"href":"http:\/\/biosferaeduca.com\/invacat\/wp-json\/wp\/v2\/comments?post=57"}],"version-history":[{"count":27,"href":"http:\/\/biosferaeduca.com\/invacat\/wp-json\/wp\/v2\/pages\/57\/revisions"}],"predecessor-version":[{"id":606,"href":"http:\/\/biosferaeduca.com\/invacat\/wp-json\/wp\/v2\/pages\/57\/revisions\/606"}],"wp:attachment":[{"href":"http:\/\/biosferaeduca.com\/invacat\/wp-json\/wp\/v2\/media?parent=57"}],"curies":[{"name":"wp","href":"https:\/\/api.w.org\/{rel}","templated":true}]}}